{"id":2229,"date":"2026-08-31T19:42:19","date_gmt":"2026-08-31T17:42:19","guid":{"rendered":"https:\/\/fundacjakorale.org\/?page_id=2229"},"modified":"2026-08-31T19:42:20","modified_gmt":"2026-08-31T17:42:20","slug":"tabela-szkolen-dla-specjalistow-na-rok-2026","status":"publish","type":"page","link":"https:\/\/fundacjakorale.org\/?page_id=2229","title":{"rendered":"TABELA SZKOLE\u0143 DLA SPECJALIST\u00d3W NA ROK 2026"},"content":{"rendered":"\n<p class=\"has-text-align-center wp-block-paragraph\">Fundacja oferuje od 90-120 h dydaktycznych praktyk studenckich dla kierunk\u00f3w:<strong> praca socjalna, psychologia, resocjalizacja i inne, pokrewne<\/strong>.<\/p>\n\n\n\n<p class=\"wp-block-paragraph\">Program praktyk zawiera:<br>Spotkanie informacyjne na temat pracy i zasad, kt\u00f3rymi kierujemy si\u0119 w fundacji, mo\u017cliwo\u015b\u0107 udzia\u0142u w szkoleniach i warsztatach skierowanych do rodzin korzystaj\u0105cych ze wsparcia fundacji (na \u017cywo lub online):<\/p>\n\n\n\n<ul class=\"wp-block-list\">\n<li>&#8222;Bezpieczny dom&#8221;<\/li>\n\n\n\n<li>&#8222;Bezpiecze\u0144stwo, wi\u0119zi, relacje i rozw\u00f3j&#8221; &#8211; dla rodzic\u00f3w dzieci w wieku 0-10 lat<\/li>\n\n\n\n<li>Warsztaty umiej\u0119tno\u015bci wychowawczych<br>Warsztaty umieJ\u0119tno\u015bci wychowawczych<\/li>\n\n\n\n<li>&#8222;Nastolatek \u2013 droga do dojrza\u0142o\u015bci i odpowiedzialno\u015bci&#8221;<\/li>\n\n\n\n<li>Warsztaty umiej\u0119tno\u015bci spo\u0142ecznych<\/li>\n\n\n\n<li>&#8222;Zaburzenia rozwojowe u dzieci i m\u0142odzie\u017cy&#8221;<\/li>\n\n\n\n<li>Trening Zast\u0119powania Agresji<\/li>\n\n\n\n<li>&#8222;Zwi\u0105zki i rozwi\u0105zki&#8221; \u2013 warsztat o mi\u0142o\u015bci i samotno\u015bci<\/li>\n<\/ul>\n\n\n\n<p class=\"wp-block-paragraph\">Ka\u017cdorazowe om\u00f3wienie szkole\u0144, warsztat\u00f3w ze specjalistk\u0105 pracuj\u0105c\u0105 w fundacji + udzia\u0142 w 2 superwizjach zespo\u0142u.<\/p>\n","protected":false},"excerpt":{"rendered":"<p>Fundacja oferuje od 90-120 h dydaktycznych praktyk studenckich dla kierunk\u00f3w: praca socjalna, psychologia, resocjalizacja i inne, pokrewne. Program praktyk zawiera:Spotkanie informacyjne na temat pracy i zasad, kt\u00f3rymi kierujemy si\u0119 w fundacji, mo\u017cliwo\u015b\u0107 udzia\u0142u w szkoleniach i warsztatach skierowanych do rodzin korzystaj\u0105cych ze wsparcia fundacji (na \u017cywo lub online): Ka\u017cdorazowe om\u00f3wienie szkole\u0144, warsztat\u00f3w ze specjalistk\u0105 pracuj\u0105c\u0105 [&hellip;]<\/p>\n","protected":false},"author":1,"featured_media":0,"parent":0,"menu_order":0,"comment_status":"closed","ping_status":"closed","template":"","meta":{"give_campaign_id":0,"footnotes":""},"class_list":["post-2229","page","type-page","status-publish","hentry"],"campaignId":"","_links":{"self":[{"href":"https:\/\/fundacjakorale.org\/index.php?rest_route=\/wp\/v2\/pages\/2229","targetHints":{"allow":["GET"]}}],"collection":[{"href":"https:\/\/fundacjakorale.org\/index.php?rest_route=\/wp\/v2\/pages"}],"about":[{"href":"https:\/\/fundacjakorale.org\/index.php?rest_route=\/wp\/v2\/types\/page"}],"author":[{"embeddable":true,"href":"https:\/\/fundacjakorale.org\/index.php?rest_route=\/wp\/v2\/users\/1"}],"replies":[{"embeddable":true,"href":"https:\/\/fundacjakorale.org\/index.php?rest_route=%2Fwp%2Fv2%2Fcomments&post=2229"}],"version-history":[{"count":1,"href":"https:\/\/fundacjakorale.org\/index.php?rest_route=\/wp\/v2\/pages\/2229\/revisions"}],"predecessor-version":[{"id":2230,"href":"https:\/\/fundacjakorale.org\/index.php?rest_route=\/wp\/v2\/pages\/2229\/revisions\/2230"}],"wp:attachment":[{"href":"https:\/\/fundacjakorale.org\/index.php?rest_route=%2Fwp%2Fv2%2Fmedia&parent=2229"}],"curies":[{"name":"wp","href":"https:\/\/api.w.org\/{rel}","templated":true}]}}